{"id":624,"date":"2026-04-08T22:37:03","date_gmt":"2026-04-09T02:37:03","guid":{"rendered":"https:\/\/resiter.com\/\/structure-and-directory\/"},"modified":"2026-04-16T12:43:50","modified_gmt":"2026-04-16T16:43:50","slug":"structure-and-directory","status":"publish","type":"page","link":"https:\/\/new-resiter.somosforma.com\/en\/structure-and-directory\/","title":{"rendered":"Structure and Directory"},"content":{"rendered":"\n<section id=\"hero-skew-block_7b0c1f79c64e3423bb67da297ab40536\" class=\"hero-skew\">\n    <div class=\"hero-skew__content\">\n        \n                    <p class=\"hero-skew__description\">\n                En Resiter, el Gobierno Corporativo es esencial para una gesti\u00f3n \u00e9tica, transparente y estrat\u00e9gica. Gracias al compromiso de la administraci\u00f3n y sus ejecutivos, estas pr\u00e1cticas se traducen en decisiones responsables que fortalecen la confianza y gu\u00edan nuestro crecimiento sostenible.             <\/p>\n            <\/div>\n\n    <img decoding=\"async\"\n        src=\"https:\/\/new-resiter.somosforma.com\/wp-content\/uploads\/2026\/04\/waves-decorate.svg\"\n        alt=\"Decorative waves\"\n        class=\"hero-skew__decoration\" \/>\n<\/section>\n<section id=\"category-tabs-block_ac2412516500c1c1e5919ec9f8270204\" class=\"category-tabs\">\n    <nav class=\"category-tabs__wrapper-list\">\n        <ul data-tabs class=\"category-tabs__list\">\n                        <li>\n                <a href=\"#tab-directorio-0\" \n                   class=\"category-tabs__button\"\n                   data-tabby-default>\n                    Directorio                <\/a>\n            <\/li>\n                        <li>\n                <a href=\"#tab-adminitracion-1\" \n                   class=\"category-tabs__button\"\n                   >\n                    Adminitraci\u00f3n                <\/a>\n            <\/li>\n                    <\/ul>\n    <\/nav>\n\n    <div class=\"category-tabs__panes\">\n                <div class=\"category-tabs__content\" \n                          id=\"tab-directorio-0\" \n             role=\"tabpanel\"\n             >\n                            <section class=\"features\">\n                                        <article class=\"feature-banner feature--directory\">\n                                                    <img loading=\"lazy\" decoding=\"async\" width=\"724\" height=\"400\" src=\"https:\/\/new-resiter.somosforma.com\/wp-content\/uploads\/2026\/04\/Subtract-3.webp\" class=\"feature-banner__image\" alt=\"\" srcset=\"https:\/\/new-resiter.somosforma.com\/wp-content\/uploads\/2026\/04\/Subtract-3.webp 724w, https:\/\/new-resiter.somosforma.com\/wp-content\/uploads\/2026\/04\/Subtract-3-300x166.webp 300w\" sizes=\"auto, (max-width: 724px) 100vw, 724px\" \/>                                                \n                        <div class=\"feature-banner__content\">\n                            <div class=\"feature-banner__content-left\">\n                                <h3 class=\"feature-banner__title\">RA\u00daL ALCA\u00cdNO LIHN<\/h3>\n                                <p class=\"feature-banner__subtitle\">Presidente del Directorio<\/p>\n                            <\/div>\n                            <div class=\"feature-banner__content-right\">\n                                <p>En el centro de valorizaci\u00f3n Eccofeed se complementa la propuesta de valor de Resiter al enfocarse en la valorizaci\u00f3n org\u00e1nica, transformando residuos alimentarios en materia prima para la nutrici\u00f3n animal.<\/p>\n                                                            <\/div>\n                        <\/div>\n                    <\/article>\n                                        <article class=\"feature-banner feature--directory\">\n                                                    <img loading=\"lazy\" decoding=\"async\" width=\"724\" height=\"400\" src=\"https:\/\/new-resiter.somosforma.com\/wp-content\/uploads\/2026\/04\/Subtract-44.webp\" class=\"feature-banner__image\" alt=\"\" srcset=\"https:\/\/new-resiter.somosforma.com\/wp-content\/uploads\/2026\/04\/Subtract-44.webp 724w, https:\/\/new-resiter.somosforma.com\/wp-content\/uploads\/2026\/04\/Subtract-44-300x166.webp 300w\" sizes=\"auto, (max-width: 724px) 100vw, 724px\" \/>                                                \n                        <div class=\"feature-banner__content\">\n                            <div class=\"feature-banner__content-left\">\n                                <h3 class=\"feature-banner__title\">\u00c1LVARO FISCHER ABELIUKI<\/h3>\n                                <p class=\"feature-banner__subtitle\">Presidente<\/p>\n                            <\/div>\n                            <div class=\"feature-banner__content-right\">\n                                <p>Ingeniero matem\u00e1tico de la Universidad de Chile Chileno.\r\nHa sido Presidente de HUBTEC, centro de transferencia de tecnolog\u00eda y conocimiento; Presidente de la Fundaci\u00f3n Ciencia y Evoluci\u00f3n; Representante del Presidente de la Rep\u00fablica en el Consejo Universitario de la Universidad de Chile Miembro de la N.Y. Academy of Science y de la Human Behavior and Evolution Society Experiencia ; Presidente de Fundaci\u00f3n Chile; Rector de Inacap; Presidente del Instituto de Ingenieros de Chile. Tambi\u00e9n ha ejercido como Director de empresas: ST Computaci\u00f3n, Salcobrand y Grange School S.A., FASA y Cruz Blanca Salud, Empresas Copec S.A. y Forestal O\u2019Higgins.\r\nFue reconocido con Medalla de Oro 2020 del Instituto de Ingenieros de Chile y el 2025 como el ingeniero del a\u00f1o. \r\n<\/p>\n                                                            <\/div>\n                        <\/div>\n                    <\/article>\n                                        <article class=\"feature-banner feature--directory\">\n                                                    <img loading=\"lazy\" decoding=\"async\" width=\"724\" height=\"400\" src=\"https:\/\/new-resiter.somosforma.com\/wp-content\/uploads\/2026\/04\/Subtract-45.webp\" class=\"feature-banner__image\" alt=\"\" srcset=\"https:\/\/new-resiter.somosforma.com\/wp-content\/uploads\/2026\/04\/Subtract-45.webp 724w, https:\/\/new-resiter.somosforma.com\/wp-content\/uploads\/2026\/04\/Subtract-45-300x166.webp 300w\" sizes=\"auto, (max-width: 724px) 100vw, 724px\" \/>                                                \n                        <div class=\"feature-banner__content\">\n                            <div class=\"feature-banner__content-left\">\n                                <h3 class=\"feature-banner__title\">MAR\u00cdA ROTONDO<\/h3>\n                                <p class=\"feature-banner__subtitle\">Directora<\/p>\n                            <\/div>\n                            <div class=\"feature-banner__content-right\">\n                                <p>Licenciada en ciencias econ\u00f3micas y empresariales de la Universidad Complutense de Madrid. Tras 27 a\u00f1os en el Banco Santander, en 2017, inicia una nueva etapa como consejera en \u00e1rea acad\u00e9mica\/sostenibilidad, participando como consejera independiente en Telef\u00f3nica, CACEIS, Libertas 7 e Indra. Tambi\u00e9n ha participado en el consejo asesor de la University Transformation with Purpose, Top Boards-Headspring y Hotelab. Imparte clases en la University y BME y es co-directora y profesora en programa ejecutivo de sostenibilidad de la University. Licenciada en CCEE no ha dejado de formarse (EEC., IESE., NYU, Harvard Boston College). Durante los \u00faltimos 10 a\u00f1os en Santander fue responsable Global del sector de Telecomunicaciones, Media y Tecnolog\u00eda (Corporate Finance, ECM, M&amp;A).      <\/p>\n                                                            <\/div>\n                        <\/div>\n                    <\/article>\n                                        <article class=\"feature-banner feature--directory\">\n                                                    <img loading=\"lazy\" decoding=\"async\" width=\"724\" height=\"400\" src=\"https:\/\/new-resiter.somosforma.com\/wp-content\/uploads\/2026\/04\/Subtract-46.webp\" class=\"feature-banner__image\" alt=\"\" srcset=\"https:\/\/new-resiter.somosforma.com\/wp-content\/uploads\/2026\/04\/Subtract-46.webp 724w, https:\/\/new-resiter.somosforma.com\/wp-content\/uploads\/2026\/04\/Subtract-46-300x166.webp 300w\" sizes=\"auto, (max-width: 724px) 100vw, 724px\" \/>                                                \n                        <div class=\"feature-banner__content\">\n                            <div class=\"feature-banner__content-left\">\n                                <h3 class=\"feature-banner__title\">JEFFREY DAWES<\/h3>\n                                <p class=\"feature-banner__subtitle\">Director<\/p>\n                            <\/div>\n                            <div class=\"feature-banner__content-right\">\n                                <p>Jeff estudi\u00f3 Metalurgia en la Escuela de Minas de Australia Occidental en Kalgoorlie y un doctorado en el Centro de Investigaci\u00f3n de Minerales Julius Kruttschnitt en la Universidad de Queensland. Ha tenido una exitosa carrera en la industria minera, comenzando en 1985 como consultor en Chile. En 1989 ingres\u00f3 al grupo de minas El Indio, ocupando una serie de puestos de responsabilidad progresiva desde Ingeniero de Proyectos hasta Gerente de Operaciones. Se uni\u00f3 a Komatsu en 1998 como Gerente General de Miner\u00eda y fue designado como presidente de Komatsu Cummins Chile en 2003. En 2009, asumi\u00f3 como presidente y CEO de Komatsu Latinoam\u00e9rica. En 2016, fue nombrado director ejecutivo S\u00e9nior (Jomu) de Komatsu Ltd. y, simult\u00e1neamente, ocup\u00f3 el cargo de vicepresidente de la Divisi\u00f3n de Negocios de Miner\u00eda Global de Komatsu.      <\/p>\n                                                            <\/div>\n                        <\/div>\n                    <\/article>\n                                        <article class=\"feature-banner feature--directory\">\n                                                    <img loading=\"lazy\" decoding=\"async\" width=\"724\" height=\"400\" src=\"https:\/\/new-resiter.somosforma.com\/wp-content\/uploads\/2026\/04\/Subtract-47.webp\" class=\"feature-banner__image\" alt=\"\" srcset=\"https:\/\/new-resiter.somosforma.com\/wp-content\/uploads\/2026\/04\/Subtract-47.webp 724w, https:\/\/new-resiter.somosforma.com\/wp-content\/uploads\/2026\/04\/Subtract-47-300x166.webp 300w\" sizes=\"auto, (max-width: 724px) 100vw, 724px\" \/>                                                \n                        <div class=\"feature-banner__content\">\n                            <div class=\"feature-banner__content-left\">\n                                <h3 class=\"feature-banner__title\">OLIVIER WEBER<\/h3>\n                                <p class=\"feature-banner__subtitle\">Director<\/p>\n                            <\/div>\n                            <div class=\"feature-banner__content-right\">\n                                <p>Licenciado en Artes con Menci\u00f3n en Marketing, Magna com Laude, UNIVERSIDAD DE FRIBURGO, Friburgo, Suiza. Presidente desde el 2011 hasta la actualidad del negocio de alimentos para Am\u00e9rica del Sur, Am\u00e9rica Central y el Caribe (SACCAF). Lidera el negocio de alimentos de PepsiCo en Am\u00e9rica Latina, incluidos Am\u00e9rica Central y el Caribe (excepto M\u00e9xico) y desarrolla la estrategia y supervisar las operaciones completas. Logr\u00f3 premios espec\u00edficos en la dimensi\u00f3n de reducci\u00f3n de energ\u00eda (Agua, Electricidad); iniciativas comunitarias (creaci\u00f3n de valor para comunidades pobres en Guatemala, Colombia, Brasil); asegurando consistentemente el reconocimiento como uno de los 100 Mejores Lugares para Trabajar en Brasil; reconocido por el desarrollo de liderazgo (Brasil, Argentina y Colombia).   <\/p>\n                                                            <\/div>\n                        <\/div>\n                    <\/article>\n                                        <article class=\"feature-banner feature--directory\">\n                                                    <img loading=\"lazy\" decoding=\"async\" width=\"724\" height=\"400\" src=\"https:\/\/new-resiter.somosforma.com\/wp-content\/uploads\/2026\/04\/Subtract-48.webp\" class=\"feature-banner__image\" alt=\"\" srcset=\"https:\/\/new-resiter.somosforma.com\/wp-content\/uploads\/2026\/04\/Subtract-48.webp 724w, https:\/\/new-resiter.somosforma.com\/wp-content\/uploads\/2026\/04\/Subtract-48-300x166.webp 300w\" sizes=\"auto, (max-width: 724px) 100vw, 724px\" \/>                                                \n                        <div class=\"feature-banner__content\">\n                            <div class=\"feature-banner__content-left\">\n                                <h3 class=\"feature-banner__title\">RICARDO MACARI<\/h3>\n                                <p class=\"feature-banner__subtitle\">Director<\/p>\n                            <\/div>\n                            <div class=\"feature-banner__content-right\">\n                                <p>Ingeniero estad\u00edstico matem\u00e1tico y egresado de ingenier\u00eda comercial de la U. de Chile. Sus primeros a\u00f1os como profesional los realiz\u00f3 en el Banco de Chile.  \r\nPor 28 a\u00f1os se desempe\u00f1\u00f3 en Shell Chile, donde desarroll\u00f3 cargos en las Divisiones de Finanzas y Qu\u00edmicos, llegando a ser CEO del negocio de Consumo Masivo- Productos para el Hogar. Posteriormente, en la Divisi\u00f3n de Petr\u00f3leo se desempe\u00f1\u00f3 como gerente de la Divisi\u00f3n Industrial y Retail. Fue Director de Shell Chile por 7 a\u00f1os y CEO de Shell Bolivia por dos a\u00f1os. En Shell tuvo la oportunidad de trabajar con varias compa\u00f1\u00edas operativas del Grupo Royal Dutch Shell en varios pa\u00edses, como Per\u00fa, Argentina, Inglaterra y Bolivia.\r\nPor 20 a\u00f1os ejerci\u00f3 como CEO corporativo de Resiter. Y desde marzo del 2025 integra el directorio de la compa\u00f1\u00eda.    <\/p>\n                                                            <\/div>\n                        <\/div>\n                    <\/article>\n                                    <\/section>\n                    <\/div>\n                <div class=\"category-tabs__content\" \n                          id=\"tab-adminitracion-1\" \n             role=\"tabpanel\"\n             >\n                            <section class=\"features\">\n                                        <article class=\"feature-banner feature--directory\">\n                                                    <img loading=\"lazy\" decoding=\"async\" width=\"724\" height=\"400\" src=\"https:\/\/new-resiter.somosforma.com\/wp-content\/uploads\/2026\/04\/Subtract-49.webp\" class=\"feature-banner__image\" alt=\"\" srcset=\"https:\/\/new-resiter.somosforma.com\/wp-content\/uploads\/2026\/04\/Subtract-49.webp 724w, https:\/\/new-resiter.somosforma.com\/wp-content\/uploads\/2026\/04\/Subtract-49-300x166.webp 300w\" sizes=\"auto, (max-width: 724px) 100vw, 724px\" \/>                                                \n                        <div class=\"feature-banner__content\">\n                            <div class=\"feature-banner__content-left\">\n                                <h3 class=\"feature-banner__title\">JULIO BERTRAND<\/h3>\n                                <p class=\"feature-banner__subtitle\">CEO Corporativo Resiter<\/p>\n                            <\/div>\n                            <div class=\"feature-banner__content-right\">\n                                <p>Compromiso con la excelencia operacionalIngeniero Civil Industrial de la Universidad Cat\u00f3lica, diplomado en Ingenier\u00eda Mec\u00e1nica, Magister en Ciencias de la Ingenier\u00eda, MBA Adelaide University Australia. Con una destacada trayectoria ejecutiva en empresas de escala global, y una s\u00f3lida trayectoria en la industria energ\u00e9tica, metal\u00fargica e industrial, cuenta con casi tres d\u00e9cadas liderando procesos complejos, transformaci\u00f3n operativa y proyectos estrat\u00e9gicos de alto impacto. Ha desempe\u00f1ado roles clave en ENAP, CAP Acero \u2013 Huachipato, adem\u00e1s de ejercer como consultor especializado, impulsando mejoras de competitividad, eficiencia y desarrollo de nuevas capacidades en organizaciones de distintos sectores. Su liderazgo se ha caracterizado por movilizar equipos hacia altos est\u00e1ndares de eficiencia operacional, crecimiento sustentable y desarrollo de nuevas capacidades organizacionales.   <\/p>\n                                                            <\/div>\n                        <\/div>\n                    <\/article>\n                                        <article class=\"feature-banner feature--directory\">\n                                                    <img loading=\"lazy\" decoding=\"async\" width=\"724\" height=\"400\" src=\"https:\/\/new-resiter.somosforma.com\/wp-content\/uploads\/2026\/04\/Subtract-50.webp\" class=\"feature-banner__image\" alt=\"\" srcset=\"https:\/\/new-resiter.somosforma.com\/wp-content\/uploads\/2026\/04\/Subtract-50.webp 724w, https:\/\/new-resiter.somosforma.com\/wp-content\/uploads\/2026\/04\/Subtract-50-300x166.webp 300w\" sizes=\"auto, (max-width: 724px) 100vw, 724px\" \/>                                                \n                        <div class=\"feature-banner__content\">\n                            <div class=\"feature-banner__content-left\">\n                                <h3 class=\"feature-banner__title\">IGNACIO RUIZ<\/h3>\n                                <p class=\"feature-banner__subtitle\">Gerente de Administraci\u00f3n y Finanzas<\/p>\n                            <\/div>\n                            <div class=\"feature-banner__content-right\">\n                                <p>Ingeniero Civil de la Pontificia Universidad Cat\u00f3lica de Chile con MSc. y MBA en Georgia State University. Con una s\u00f3lida trayectoria en gesti\u00f3n financiera, administraci\u00f3n corporativa y liderazgo de equipos de alto desempe\u00f1o. Con m\u00e1s de 25 a\u00f1os de experiencia en empresas del sector industrial, servicios y consultor\u00eda, ha desarrollado una mirada estrat\u00e9gica que integra control, eficiencia, proyecci\u00f3n de largo plazo y una gesti\u00f3n responsable de los recursos. Ignacio ha liderado procesos clave de planificaci\u00f3n financiera, optimizaci\u00f3n de estructuras, implementaci\u00f3n de modelos de control y modernizaci\u00f3n de sistemas administrativos en organizaciones en crecimiento y transformaci\u00f3n.    <\/p>\n                                                            <\/div>\n                        <\/div>\n                    <\/article>\n                                        <article class=\"feature-banner feature--directory\">\n                                                    <img loading=\"lazy\" decoding=\"async\" width=\"724\" height=\"400\" src=\"https:\/\/new-resiter.somosforma.com\/wp-content\/uploads\/2026\/04\/Subtract-51.webp\" class=\"feature-banner__image\" alt=\"\" srcset=\"https:\/\/new-resiter.somosforma.com\/wp-content\/uploads\/2026\/04\/Subtract-51.webp 724w, https:\/\/new-resiter.somosforma.com\/wp-content\/uploads\/2026\/04\/Subtract-51-300x166.webp 300w\" sizes=\"auto, (max-width: 724px) 100vw, 724px\" \/>                                                \n                        <div class=\"feature-banner__content\">\n                            <div class=\"feature-banner__content-left\">\n                                <h3 class=\"feature-banner__title\">RICARDO LAGOS<\/h3>\n                                <p class=\"feature-banner__subtitle\">Gerente de Desarrollo Estrat\u00e9gico Corporativo<\/p>\n                            <\/div>\n                            <div class=\"feature-banner__content-right\">\n                                <p>Ingeniero Civil Industrial de la Universidad de Chile, con Mag\u00edster en Ciencias de la Ingenier\u00eda y MBA de ESADE (Espa\u00f1a). Ha desarrollado su carrera en las industrias de explosivos (Enaex) y pinturas (Barpimo), con s\u00f3lida experiencia en desarrollo corporativo, planificaci\u00f3n estrat\u00e9gica y gesti\u00f3n de proyectos. Su trayectoria destaca por liderar transformaciones organizacionales, impulsar iniciativas de crecimiento y fortalecer el gobierno corporativo y la evaluaci\u00f3n de inversiones.  <\/p>\n                                                            <\/div>\n                        <\/div>\n                    <\/article>\n                                        <article class=\"feature-banner feature--directory\">\n                                                    <img loading=\"lazy\" decoding=\"async\" width=\"724\" height=\"400\" src=\"https:\/\/new-resiter.somosforma.com\/wp-content\/uploads\/2026\/04\/Subtract-52.webp\" class=\"feature-banner__image\" alt=\"\" srcset=\"https:\/\/new-resiter.somosforma.com\/wp-content\/uploads\/2026\/04\/Subtract-52.webp 724w, https:\/\/new-resiter.somosforma.com\/wp-content\/uploads\/2026\/04\/Subtract-52-300x166.webp 300w\" sizes=\"auto, (max-width: 724px) 100vw, 724px\" \/>                                                \n                        <div class=\"feature-banner__content\">\n                            <div class=\"feature-banner__content-left\">\n                                <h3 class=\"feature-banner__title\">CLAUDIA SEGURA<\/h3>\n                                <p class=\"feature-banner__subtitle\">Gerenta de Recursos Humanos<\/p>\n                            <\/div>\n                            <div class=\"feature-banner__content-right\">\n                                <p>Psic\u00f3loga de la Universidad de Chile, con M\u00e1ster en Administraci\u00f3n de Recursos Humanos de la Pontificia Universidad Cat\u00f3lica de Chile y Certificado Avanzado en Gesti\u00f3n Estrat\u00e9gica de Recursos Humanos de la Universidad de Cornell (EE. UU.). Cuenta con amplia experiencia en compa\u00f1\u00edas del sector minero e industrial, donde ha liderado procesos de transformaci\u00f3n cultural, gesti\u00f3n del talento y desarrollo organizacional a nivel regional. <\/p>\n                                                            <\/div>\n                        <\/div>\n                    <\/article>\n                                        <article class=\"feature-banner feature--directory\">\n                                                    <img loading=\"lazy\" decoding=\"async\" width=\"724\" height=\"400\" src=\"https:\/\/new-resiter.somosforma.com\/wp-content\/uploads\/2026\/04\/Subtract-53.webp\" class=\"feature-banner__image\" alt=\"\" srcset=\"https:\/\/new-resiter.somosforma.com\/wp-content\/uploads\/2026\/04\/Subtract-53.webp 724w, https:\/\/new-resiter.somosforma.com\/wp-content\/uploads\/2026\/04\/Subtract-53-300x166.webp 300w\" sizes=\"auto, (max-width: 724px) 100vw, 724px\" \/>                                                \n                        <div class=\"feature-banner__content\">\n                            <div class=\"feature-banner__content-left\">\n                                <h3 class=\"feature-banner__title\">ENRIQUE PE\u00d1AFIEL<\/h3>\n                                <p class=\"feature-banner__subtitle\">Gerente Comercial Nuevos Negocios<\/p>\n                            <\/div>\n                            <div class=\"feature-banner__content-right\">\n                                <p>Ingeniero en Transportes de la Pontificia Universidad Cat\u00f3lica de Valpara\u00edso y uno de los ejecutivos con m\u00e1s trayectoria en Resiter, donde ingres\u00f3 en 1991. Ha liderado hitos clave en la expansi\u00f3n comercial y operacional del grupo, incorporando a los primeros clientes industriales y mineros y abriendo nuevas l\u00edneas de negocio. Su visi\u00f3n estrat\u00e9gica y profundo conocimiento del mercado lo han convertido en un pilar en el crecimiento de la compa\u00f1\u00eda.  <\/p>\n                                                            <\/div>\n                        <\/div>\n                    <\/article>\n                                        <article class=\"feature-banner feature--directory\">\n                                                    <img loading=\"lazy\" decoding=\"async\" width=\"724\" height=\"400\" src=\"https:\/\/new-resiter.somosforma.com\/wp-content\/uploads\/2026\/04\/Subtract-54.webp\" class=\"feature-banner__image\" alt=\"\" srcset=\"https:\/\/new-resiter.somosforma.com\/wp-content\/uploads\/2026\/04\/Subtract-54.webp 724w, https:\/\/new-resiter.somosforma.com\/wp-content\/uploads\/2026\/04\/Subtract-54-300x166.webp 300w\" sizes=\"auto, (max-width: 724px) 100vw, 724px\" \/>                                                \n                        <div class=\"feature-banner__content\">\n                            <div class=\"feature-banner__content-left\">\n                                <h3 class=\"feature-banner__title\">PAOLA SARAVIA<\/h3>\n                                <p class=\"feature-banner__subtitle\">Gerenta Corporativa SSMA<\/p>\n                            <\/div>\n                            <div class=\"feature-banner__content-right\">\n                                <p>Ingeniero en Prevenci\u00f3n de Riesgo y Medio Ambiente, con 24 a\u00f1os de experiencia en empresas de car\u00e1cter multinacional de liderazgo mundial, integrando el comit\u00e9 ejecutivo y liderando los alineamientos estrat\u00e9gicos del \u00e1rea. Comenz\u00f3 sus estudios en la Universidad de Magallanes para posteriormente realizar diplomado en la Universidad de Chile. Su trayectoria profesional ha estado ligada con la miner\u00eda, por lo que profesionalmente recibi\u00f3 una especializaci\u00f3n de Sernageomin B.   <\/p>\n                                                            <\/div>\n                        <\/div>\n                    <\/article>\n                                        <article class=\"feature-banner feature--directory\">\n                                                    <img loading=\"lazy\" decoding=\"async\" width=\"724\" height=\"400\" src=\"https:\/\/new-resiter.somosforma.com\/wp-content\/uploads\/2026\/04\/Subtract-55.webp\" class=\"feature-banner__image\" alt=\"\" srcset=\"https:\/\/new-resiter.somosforma.com\/wp-content\/uploads\/2026\/04\/Subtract-55.webp 724w, https:\/\/new-resiter.somosforma.com\/wp-content\/uploads\/2026\/04\/Subtract-55-300x166.webp 300w\" sizes=\"auto, (max-width: 724px) 100vw, 724px\" \/>                                                \n                        <div class=\"feature-banner__content\">\n                            <div class=\"feature-banner__content-left\">\n                                <h3 class=\"feature-banner__title\">DIEGO CARRASCO<\/h3>\n                                <p class=\"feature-banner__subtitle\">Gerente de Energ\u00eda y Aguas Industriales<\/p>\n                            <\/div>\n                            <div class=\"feature-banner__content-right\">\n                                <p>Ingeniero Civil Industrial con diploma en Miner\u00eda (UC) y MBA en ESADE. Cuenta con 12 a\u00f1os de experiencia en consultor\u00eda y empresas, especializado en estrategia de commodities y desarrollo de negocios. Ha liderado proyectos de M&amp;A, regulaci\u00f3n, productividad y evaluaci\u00f3n de inversiones. Destaca por su capacidad para dise\u00f1ar y consolidar modelos de negocio, integrando un profundo entendimiento de procesos, mercados y din\u00e1micas competitivas.   <\/p>\n                                                            <\/div>\n                        <\/div>\n                    <\/article>\n                                        <article class=\"feature-banner feature--directory\">\n                                                    <img loading=\"lazy\" decoding=\"async\" width=\"724\" height=\"400\" src=\"https:\/\/new-resiter.somosforma.com\/wp-content\/uploads\/2026\/04\/Subtract-56.webp\" class=\"feature-banner__image\" alt=\"\" srcset=\"https:\/\/new-resiter.somosforma.com\/wp-content\/uploads\/2026\/04\/Subtract-56.webp 724w, https:\/\/new-resiter.somosforma.com\/wp-content\/uploads\/2026\/04\/Subtract-56-300x166.webp 300w\" sizes=\"auto, (max-width: 724px) 100vw, 724px\" \/>                                                \n                        <div class=\"feature-banner__content\">\n                            <div class=\"feature-banner__content-left\">\n                                <h3 class=\"feature-banner__title\">MARIANGELA GUERRERO<\/h3>\n                                <p class=\"feature-banner__subtitle\">Gerenta de Auditor\u00eda y Cumplimiento<\/p>\n                            <\/div>\n                            <div class=\"feature-banner__content-right\">\n                                <p>Contador Auditor e Ingeniero Comercial de la Universidad Cat\u00f3lica del T\u00e1chira, con postgrado en Gesti\u00f3n de Auditor\u00eda Interna de la Universidad de Chile y certificaci\u00f3n internacional como Compliance Officer (CICO). Cuenta con m\u00e1s de quince a\u00f1os de experiencia en auditor\u00eda interna, gesti\u00f3n de riesgos y cumplimiento normativo, liderando procesos que fortalecen la transparencia, el control interno y la integridad corporativa. <\/p>\n                                                            <\/div>\n                        <\/div>\n                    <\/article>\n                                        <article class=\"feature-banner feature--directory\">\n                                                    <img loading=\"lazy\" decoding=\"async\" width=\"724\" height=\"400\" src=\"https:\/\/new-resiter.somosforma.com\/wp-content\/uploads\/2026\/04\/Subtract-57.webp\" class=\"feature-banner__image\" alt=\"\" srcset=\"https:\/\/new-resiter.somosforma.com\/wp-content\/uploads\/2026\/04\/Subtract-57.webp 724w, https:\/\/new-resiter.somosforma.com\/wp-content\/uploads\/2026\/04\/Subtract-57-300x166.webp 300w\" sizes=\"auto, (max-width: 724px) 100vw, 724px\" \/>                                                \n                        <div class=\"feature-banner__content\">\n                            <div class=\"feature-banner__content-left\">\n                                <h3 class=\"feature-banner__title\">CAROL GRAY ROJAS<\/h3>\n                                <p class=\"feature-banner__subtitle\">Gerente de Medioambiente y Relac. Institucionales <\/p>\n                            <\/div>\n                            <div class=\"feature-banner__content-right\">\n                                <p>Ingeniero en gesti\u00f3n de calidad y ambiente, con grado de magister en gesti\u00f3n de derecho ambiental, quien cuenta con m\u00e1s de 19 a\u00f1os de trayectoria en los sectores p\u00fablico y privado. Su experiencia abarca la conducci\u00f3n de productos estrat\u00e9gicos relacionados con evaluaci\u00f3n ambiantal de proyectos, gesti\u00f3n de riesgos y cumplimiento regulatorio multisectorial. <\/p>\n                                                            <\/div>\n                        <\/div>\n                    <\/article>\n                                        <article class=\"feature-banner feature--directory\">\n                                                    <img loading=\"lazy\" decoding=\"async\" width=\"724\" height=\"400\" src=\"https:\/\/new-resiter.somosforma.com\/wp-content\/uploads\/2026\/04\/Subtract-58.webp\" class=\"feature-banner__image\" alt=\"\" srcset=\"https:\/\/new-resiter.somosforma.com\/wp-content\/uploads\/2026\/04\/Subtract-58.webp 724w, https:\/\/new-resiter.somosforma.com\/wp-content\/uploads\/2026\/04\/Subtract-58-300x166.webp 300w\" sizes=\"auto, (max-width: 724px) 100vw, 724px\" \/>                                                \n                        <div class=\"feature-banner__content\">\n                            <div class=\"feature-banner__content-left\">\n                                <h3 class=\"feature-banner__title\">CLAUDIA GODOY<\/h3>\n                                <p class=\"feature-banner__subtitle\">Gerenta de Marketing y Comunicaciones<\/p>\n                            <\/div>\n                            <div class=\"feature-banner__content-right\">\n                                <p>Periodista de la Pontificia Universidad Cat\u00f3lica de Chile, con diplomado en Gesti\u00f3n de la Universidad de Chile. Cuenta con una amplia trayectoria en el mundo audiovisual, las comunicaciones estrat\u00e9gicas y la gesti\u00f3n de contenidos. Ha trabajado en diversos formatos televisivos y ha ejercido roles ejecutivos, destacando como Gerente de Contenidos de TVN. Su experiencia combina liderazgo creativo, visi\u00f3n estrat\u00e9gica y capacidad para desarrollar proyectos de alto impacto para medios, empresas e instituciones.   <\/p>\n                                                            <\/div>\n                        <\/div>\n                    <\/article>\n                                        <article class=\"feature-banner feature--directory\">\n                                                    <img loading=\"lazy\" decoding=\"async\" width=\"724\" height=\"400\" src=\"https:\/\/new-resiter.somosforma.com\/wp-content\/uploads\/2026\/04\/Subtract-59.webp\" class=\"feature-banner__image\" alt=\"\" srcset=\"https:\/\/new-resiter.somosforma.com\/wp-content\/uploads\/2026\/04\/Subtract-59.webp 724w, https:\/\/new-resiter.somosforma.com\/wp-content\/uploads\/2026\/04\/Subtract-59-300x166.webp 300w\" sizes=\"auto, (max-width: 724px) 100vw, 724px\" \/>                                                \n                        <div class=\"feature-banner__content\">\n                            <div class=\"feature-banner__content-left\">\n                                <h3 class=\"feature-banner__title\">ROLAND HAEMMERLI<\/h3>\n                                <p class=\"feature-banner__subtitle\">Gerente General de Miner\u00eda<\/p>\n                            <\/div>\n                            <div class=\"feature-banner__content-right\">\n                                <p>Ingeniero Civil Qu\u00edmico de la Universidad de Concepci\u00f3n y MBA de la Universidad de Chile, Roland cuenta con 28 a\u00f1os de experiencia en industrias clave como la miner\u00eda, celulosa y petroqu\u00edmica, donde ha dirigido operaciones complejas, proyectos de gran escala y equipos multidisciplinarios.\r\nSu trayectoria combina conocimiento t\u00e9cnico profundo, visi\u00f3n comercial y una gesti\u00f3n enfocada en la excelencia operacional. Ha liderado grandes plantas productivas y equipos globales, con un enfoque probado en optimizaci\u00f3n de procesos y reducci\u00f3n de costos. Gran trayectoria en entornos regulados y altamente t\u00e9cnicos, con un profundo entendimiento de normativas, seguridad y responsabilidad ambiental.  <\/p>\n                                                            <\/div>\n                        <\/div>\n                    <\/article>\n                                        <article class=\"feature-banner feature--directory\">\n                                                    <img loading=\"lazy\" decoding=\"async\" width=\"724\" height=\"400\" src=\"https:\/\/new-resiter.somosforma.com\/wp-content\/uploads\/2026\/04\/Subtract-60.webp\" class=\"feature-banner__image\" alt=\"\" srcset=\"https:\/\/new-resiter.somosforma.com\/wp-content\/uploads\/2026\/04\/Subtract-60.webp 724w, https:\/\/new-resiter.somosforma.com\/wp-content\/uploads\/2026\/04\/Subtract-60-300x166.webp 300w\" sizes=\"auto, (max-width: 724px) 100vw, 724px\" \/>                                                \n                        <div class=\"feature-banner__content\">\n                            <div class=\"feature-banner__content-left\">\n                                <h3 class=\"feature-banner__title\">FERNANDO LEDESMA<\/h3>\n                                <p class=\"feature-banner__subtitle\">Gerente General Resiter Industrial<\/p>\n                            <\/div>\n                            <div class=\"feature-banner__content-right\">\n                                <p>Ingeniero Civil Industrial de la Universidad de Chile, con MBA de la Pontificia Universidad Cat\u00f3lica de Chile. Ha liderado \u00e1reas comerciales, log\u00edsticas y operativas en el sector energ\u00e9tico, impulsando transformaciones, integraci\u00f3n de cadenas de valor y adopci\u00f3n de nuevas tecnolog\u00edas. Su trayectoria se caracteriza por optimizar operaciones de gran escala, conducir equipos en contextos de cambio y desarrollar soluciones que combinan visi\u00f3n estrat\u00e9gica y ejecuci\u00f3n de alto impacto.  <\/p>\n                                                            <\/div>\n                        <\/div>\n                    <\/article>\n                                        <article class=\"feature-banner feature--directory\">\n                                                    <img loading=\"lazy\" decoding=\"async\" width=\"724\" height=\"400\" src=\"https:\/\/new-resiter.somosforma.com\/wp-content\/uploads\/2026\/04\/Subtract-61.webp\" class=\"feature-banner__image\" alt=\"\" srcset=\"https:\/\/new-resiter.somosforma.com\/wp-content\/uploads\/2026\/04\/Subtract-61.webp 724w, https:\/\/new-resiter.somosforma.com\/wp-content\/uploads\/2026\/04\/Subtract-61-300x166.webp 300w\" sizes=\"auto, (max-width: 724px) 100vw, 724px\" \/>                                                \n                        <div class=\"feature-banner__content\">\n                            <div class=\"feature-banner__content-left\">\n                                <h3 class=\"feature-banner__title\">SEBASTI\u00c1N SANTANDER<\/h3>\n                                <p class=\"feature-banner__subtitle\">Gerente General Resiter Per\u00fa<\/p>\n                            <\/div>\n                            <div class=\"feature-banner__content-right\">\n                                <p>Ingeniero Civil Industrial y Mag\u00edster en Ingenier\u00eda Industrial de la Universidad de Concepci\u00f3n, con m\u00e1s de 12 a\u00f1os de experiencia liderando empresas de servicios industriales. Ha gestionado operaciones de alta complejidad, encabezado una planta productora de cal y dirigido \u00e1reas de operaciones en el sector salmonero, fortaleciendo su expertise en procesos, log\u00edstica y continuidad operacional. Su visi\u00f3n estrat\u00e9gica y foco en resultados lo posicionan como un actor clave para el crecimiento del grupo en la regi\u00f3n.  <\/p>\n                                                            <\/div>\n                        <\/div>\n                    <\/article>\n                                        <article class=\"feature-banner feature--directory\">\n                                                    <img loading=\"lazy\" decoding=\"async\" width=\"724\" height=\"400\" src=\"https:\/\/new-resiter.somosforma.com\/wp-content\/uploads\/2026\/04\/Subtract-62.webp\" class=\"feature-banner__image\" alt=\"\" srcset=\"https:\/\/new-resiter.somosforma.com\/wp-content\/uploads\/2026\/04\/Subtract-62.webp 724w, https:\/\/new-resiter.somosforma.com\/wp-content\/uploads\/2026\/04\/Subtract-62-300x166.webp 300w\" sizes=\"auto, (max-width: 724px) 100vw, 724px\" \/>                                                \n                        <div class=\"feature-banner__content\">\n                            <div class=\"feature-banner__content-left\">\n                                <h3 class=\"feature-banner__title\">MAR\u00cdA XIMENA MATEUS<\/h3>\n                                <p class=\"feature-banner__subtitle\">Gerenta General de Colombia<\/p>\n                            <\/div>\n                            <div class=\"feature-banner__content-right\">\n                                <p>Administradora de empresas biling\u00fce con amplia experiencia en liderazgo organizacional y gesti\u00f3n estrat\u00e9gica. Ha desempe\u00f1ado roles clave como Country Manager y Gerente de Operaciones en compa\u00f1\u00edas globales, destacando por su enfoque en resultados, eficiencia operativa y desarrollo de equipos de alto desempe\u00f1o. Hoy lidera Resiter Colombia, impulsando el crecimiento sostenible y la consolidaci\u00f3n de soluciones innovadoras en gesti\u00f3n de residuos.  <\/p>\n                                                            <\/div>\n                        <\/div>\n                    <\/article>\n                                        <article class=\"feature-banner feature--directory\">\n                                                    <img loading=\"lazy\" decoding=\"async\" width=\"724\" height=\"400\" src=\"https:\/\/new-resiter.somosforma.com\/wp-content\/uploads\/2026\/04\/Subtract-63.webp\" class=\"feature-banner__image\" alt=\"\" srcset=\"https:\/\/new-resiter.somosforma.com\/wp-content\/uploads\/2026\/04\/Subtract-63.webp 724w, https:\/\/new-resiter.somosforma.com\/wp-content\/uploads\/2026\/04\/Subtract-63-300x166.webp 300w\" sizes=\"auto, (max-width: 724px) 100vw, 724px\" \/>                                                \n                        <div class=\"feature-banner__content\">\n                            <div class=\"feature-banner__content-left\">\n                                <h3 class=\"feature-banner__title\">PATRICIO JARAMILLO<\/h3>\n                                <p class=\"feature-banner__subtitle\">Gerente General Resiter M\u00e9xico<\/p>\n                            <\/div>\n                            <div class=\"feature-banner__content-right\">\n                                <p>Ingeniero Mec\u00e1nico de la Universidad de Santiago de Chile, con m\u00e1s de quince a\u00f1os de experiencia en \u00e1reas comerciales, t\u00e9cnicas, operacionales y de administraci\u00f3n general en empresas l\u00edderes de Chile y Colombia. Ha trabajado con industrias como miner\u00eda, alimentos y consumo masivo, destacando por su mirada integral del negocio, liderazgo de equipos y capacidad de ejecutar mejoras operacionales. Su experiencia internacional refuerza una visi\u00f3n estrat\u00e9gica y multicultural para el desarrollo y expansi\u00f3n de negocios en Latinoam\u00e9rica.  <\/p>\n                                                            <\/div>\n                        <\/div>\n                    <\/article>\n                                        <article class=\"feature-banner feature--directory\">\n                                                    <img loading=\"lazy\" decoding=\"async\" width=\"724\" height=\"400\" src=\"https:\/\/new-resiter.somosforma.com\/wp-content\/uploads\/2026\/04\/Subtract-64.webp\" class=\"feature-banner__image\" alt=\"\" srcset=\"https:\/\/new-resiter.somosforma.com\/wp-content\/uploads\/2026\/04\/Subtract-64.webp 724w, https:\/\/new-resiter.somosforma.com\/wp-content\/uploads\/2026\/04\/Subtract-64-300x166.webp 300w\" sizes=\"auto, (max-width: 724px) 100vw, 724px\" \/>                                                \n                        <div class=\"feature-banner__content\">\n                            <div class=\"feature-banner__content-left\">\n                                <h3 class=\"feature-banner__title\">ALEJANDRO VALENCIA<\/h3>\n                                <p class=\"feature-banner__subtitle\">Gerente General Resiter Espa\u00f1a<\/p>\n                            <\/div>\n                            <div class=\"feature-banner__content-right\">\n                                <p>Ingeniero Agr\u00f3nomo de la Pontificia Universidad Cat\u00f3lica de Valpara\u00edso y PhD de Cornell University. Cuenta con amplia experiencia en innovaci\u00f3n, capital de riesgo y emprendimiento tecnol\u00f3gico, desarrollada en instituciones como la Universidad de Chile y Fundaci\u00f3n Chile, donde lider\u00f3 incubadoras, fondos de inversi\u00f3n y redes de inversionistas \u00e1ngeles. Hoy encabeza Resiter Espa\u00f1a, impulsando la expansi\u00f3n internacional y el desarrollo de nuevos negocios en Europa.  <\/p>\n                                                            <\/div>\n                        <\/div>\n                    <\/article>\n                                        <article class=\"feature-banner feature--directory\">\n                                                    <img loading=\"lazy\" decoding=\"async\" width=\"724\" height=\"400\" src=\"https:\/\/new-resiter.somosforma.com\/wp-content\/uploads\/2026\/04\/Subtract-65.webp\" class=\"feature-banner__image\" alt=\"\" srcset=\"https:\/\/new-resiter.somosforma.com\/wp-content\/uploads\/2026\/04\/Subtract-65.webp 724w, https:\/\/new-resiter.somosforma.com\/wp-content\/uploads\/2026\/04\/Subtract-65-300x166.webp 300w\" sizes=\"auto, (max-width: 724px) 100vw, 724px\" \/>                                                \n                        <div class=\"feature-banner__content\">\n                            <div class=\"feature-banner__content-left\">\n                                <h3 class=\"feature-banner__title\">MAT\u00cdAS ARTIGAS<\/h3>\n                                <p class=\"feature-banner__subtitle\">Gerente General Resiter Uruguay<\/p>\n                            <\/div>\n                            <div class=\"feature-banner__content-right\">\n                                <p>Ingeniero Qu\u00edmico con m\u00e1s de 15 a\u00f1os de experiencia en liderazgo ejecutivo en los sectores ambiental y Oil &amp; Gas. Actualmente Gerente General de Resiter Uruguay y Afrecor Regional, liderando operaciones en m\u00faltiples pa\u00edses de LATAM. Experiencia comprobada en crecimiento empresarial, expansi\u00f3n internacional y desarrollo de negocios.  <\/p>\n                                                            <\/div>\n                        <\/div>\n                    <\/article>\n                                    <\/section>\n                    <\/div>\n            <\/div>\n<\/section>\n","protected":false},"excerpt":{"rendered":"","protected":false},"author":1,"featured_media":1141,"parent":0,"menu_order":0,"comment_status":"closed","ping_status":"closed","template":"","meta":{"_acf_changed":false,"footnotes":""},"class_list":["post-624","page","type-page","status-publish","has-post-thumbnail","hentry"],"acf":[],"_links":{"self":[{"href":"https:\/\/new-resiter.somosforma.com\/en\/wp-json\/wp\/v2\/pages\/624","targetHints":{"allow":["GET"]}}],"collection":[{"href":"https:\/\/new-resiter.somosforma.com\/en\/wp-json\/wp\/v2\/pages"}],"about":[{"href":"https:\/\/new-resiter.somosforma.com\/en\/wp-json\/wp\/v2\/types\/page"}],"author":[{"embeddable":true,"href":"https:\/\/new-resiter.somosforma.com\/en\/wp-json\/wp\/v2\/users\/1"}],"replies":[{"embeddable":true,"href":"https:\/\/new-resiter.somosforma.com\/en\/wp-json\/wp\/v2\/comments?post=624"}],"version-history":[{"count":1,"href":"https:\/\/new-resiter.somosforma.com\/en\/wp-json\/wp\/v2\/pages\/624\/revisions"}],"predecessor-version":[{"id":648,"href":"https:\/\/new-resiter.somosforma.com\/en\/wp-json\/wp\/v2\/pages\/624\/revisions\/648"}],"wp:featuredmedia":[{"embeddable":true,"href":"https:\/\/new-resiter.somosforma.com\/en\/wp-json\/wp\/v2\/media\/1141"}],"wp:attachment":[{"href":"https:\/\/new-resiter.somosforma.com\/en\/wp-json\/wp\/v2\/media?parent=624"}],"curies":[{"name":"wp","href":"https:\/\/api.w.org\/{rel}","templated":true}]}}